{"id":256,"date":"2014-01-06T14:21:46","date_gmt":"2014-01-06T14:21:46","guid":{"rendered":"http:\/\/motoclubplechatel.free.fr\/?page_id=256"},"modified":"2024-02-12T12:32:10","modified_gmt":"2024-02-12T11:32:10","slug":"autre","status":"publish","type":"page","link":"https:\/\/motoclubplechatel.fr\/index.php\/photos\/autre\/","title":{"rendered":"Autre"},"content":{"rendered":"\n<p><strong><strong>29 mai&nbsp;&nbsp;<strong>2023&nbsp; : journ\u00e9e \u00ab\u00a0pilotage en s\u00e9curit\u00e9 par la gendarmerie du 35<\/strong><\/strong><\/strong><\/p>\n\n\n\n<p>Le motoclub de PLECHATEL a organis\u00e9 en collaboration avec la section moto de la gendarmerie de L\u2019ILLE et VILAINE un stage ax\u00e9 sur la s\u00e9curit\u00e9 routi\u00e8re le lundi 29 mai. Le Commandant F B et son coll\u00e8gue V K ont anim\u00e9 2 groupes de 6 motards du club sur les petites routes du secteur sud jusqu\u2019\u00e0 BAIN SUR OUST et retour. Merci \u00e0 la mairie pour son attribution de local d\u00e9di\u00e9 qui a permis de nous r\u00e9unir sous un soleil magnifique et dans une ambiance studieuse et volontaire. Tous ont gagn\u00e9 en assurance pour rouler \u00e0 moto avec plus de s\u00e9curit\u00e9. Pari gagn\u00e9.<\/p>\n\n\n\n<p>Quelques photos en cliquant sur celle ci dessous<\/p>\n\n\n\n<figure class=\"wp-block-image aligncenter is-resized\"><a href=\"https:\/\/photos.app.goo.gl\/Tfz1KGXcghT4ooeh9\" target=\"_blank\" rel=\"noopener\"><img decoding=\"async\" src=\"http:\/\/motoclubplechatel.fr\/wp-content\/uploads\/2023\/06\/20230529_100304.jpg\" alt=\"\" class=\"wp-image-1109\" style=\"width:680px;height:auto\" title=\"20230529_100304\"\/><\/a><\/figure>\n\n\n\n<p><strong><strong><br>21 janvier&nbsp;&nbsp;<strong>2023&nbsp; :<\/strong><\/strong><\/strong><\/p>\n\n\n\n<p><span style=\"text-align: center;\">A la fin du repas qui a suivi l&rsquo;AG, <\/span><strong style=\"text-align: center;\">G\u00e9rard<\/strong><span style=\"text-align: center;\"> (La Halte Du Volcan) nous a offert ce superbe troph\u00e9e en bois r\u00e9alis\u00e9 par P.Soleil.&nbsp;Un grand merci \u00e0&nbsp;<strong>G\u00e9rard<\/strong>&nbsp;pour ce cadeau.<\/span><\/p>\n\n\n\n<figure class=\"wp-block-image aligncenter is-resized\"><a href=\"https:\/\/photos.app.goo.gl\/6yGtiGDNd8StnKCz9\" target=\"_blank\" rel=\"noopener\"><img loading=\"lazy\" decoding=\"async\" width=\"1168\" height=\"686\" src=\"http:\/\/motoclubplechatel.fr\/wp-content\/uploads\/2023\/01\/Trophee1.jpg\" alt=\"\" class=\"wp-image-1054\" style=\"width:792px;height:auto\" title=\"Troph\u00e9e\" srcset=\"https:\/\/motoclubplechatel.fr\/wp-content\/uploads\/2023\/01\/Trophee1.jpg 1168w, https:\/\/motoclubplechatel.fr\/wp-content\/uploads\/2023\/01\/Trophee1-300x176.jpg 300w, https:\/\/motoclubplechatel.fr\/wp-content\/uploads\/2023\/01\/Trophee1-1024x601.jpg 1024w, https:\/\/motoclubplechatel.fr\/wp-content\/uploads\/2023\/01\/Trophee1-768x451.jpg 768w\" sizes=\"auto, (max-width: 1168px) 100vw, 1168px\" \/><\/a><\/figure>\n\n\n\n<p class=\"has-text-align-center\">Cliquez sur la photo ci dessous pour visualiser ce moment.<br><\/p>\n\n\n\n<p><strong>9 et 10 octobre <strong>2021&nbsp;&nbsp;<\/strong>: Rando en Auvergne<\/strong><\/p>\n\n\n\n<p>Les 9 &amp; 10 octobre 2021, Ludo, Manu, Yannick et Bernard sont allez faire une rando enduro en Auvergne.<br>Cette rando encadr\u00e9e par l&rsquo;\u00e9quipe de <a href=\"http:\/\/www.auvergne-enduro.fr\/\" target=\"_blank\" rel=\"noopener\">Auvergne-Enduro<\/a> de Pierre Pallut, s&rsquo;est d\u00e9roul\u00e9e sur terrain priv\u00e9.<br>Programme : deux jours de rando, avec des passages techniques adapt\u00e9s \u00e0 notre niveau.<br>Nous avons effectu\u00e9 un total de 200km dans de superbres chemins avec de jolis paysages.<\/p>\n\n\n\n<figure class=\"wp-block-image aligncenter\"><a href=\"https:\/\/photos.app.goo.gl\/rDENGj4m4ZyXqTqE9\"><img loading=\"lazy\" decoding=\"async\" width=\"640\" height=\"480\" src=\"http:\/\/motoclubplechatel.fr\/wp-content\/uploads\/2021\/10\/IMG_20211010_105308.jpg\" alt=\"\" class=\"wp-image-954\" title=\"IMG_20211010_105308\" srcset=\"https:\/\/motoclubplechatel.fr\/wp-content\/uploads\/2021\/10\/IMG_20211010_105308.jpg 640w, https:\/\/motoclubplechatel.fr\/wp-content\/uploads\/2021\/10\/IMG_20211010_105308-300x225.jpg 300w\" sizes=\"auto, (max-width: 640px) 100vw, 640px\" \/><\/a><\/figure>\n\n\n\n<p class=\"has-text-align-center\">Cliquez sur la photo ci dessous pour avoir un aper\u00e7u de cet agr\u00e9able week-end.<img decoding=\"async\" class=\"alignnone\" src=\"https:\/\/photos.app.goo.gl\/nne3qv5N7pkR7WF59\" alt=\"\"><br><span style=\"background-color: #f1f1f1; font-size: 12px;\"><strong><\/strong><\/span><\/p>\n\n\n\n<p><strong>24 octobre 2020 : Le moto Club f\u00eate ses 30 ans<\/strong><\/p>\n\n\n\n<p>Pour f\u00eater les 30 ans du moto club, le 24 octobre \u00e9tait organis\u00e9e une journ\u00e9e rando trial \/ rando enduro. Le midi les adh\u00e9rents du club nous ont rejoint pour le pique-nique.<br>Lors de cette journ\u00e9e nous avons offert les T-Shirt r\u00e9alis\u00e9s pour c\u00e9l\u00e9brer cet anniversaire.<\/p>\n\n\n\n<figure class=\"wp-block-image aligncenter is-resized\"><a href=\"https:\/\/photos.app.goo.gl\/EEC3bJ2d5qbC3qAS9\" target=\"_blank\" rel=\"noopener\"><img loading=\"lazy\" decoding=\"async\" width=\"1800\" height=\"1200\" src=\"http:\/\/motoclubplechatel.fr\/wp-content\/uploads\/2021\/02\/Journee30ansClub.jpg\" alt=\"\" class=\"wp-image-929\" style=\"width:698px;height:auto\" title=\"Journ\u00e9e30ansClub\" srcset=\"https:\/\/motoclubplechatel.fr\/wp-content\/uploads\/2021\/02\/Journee30ansClub.jpg 1800w, https:\/\/motoclubplechatel.fr\/wp-content\/uploads\/2021\/02\/Journee30ansClub-300x200.jpg 300w, https:\/\/motoclubplechatel.fr\/wp-content\/uploads\/2021\/02\/Journee30ansClub-1024x683.jpg 1024w, https:\/\/motoclubplechatel.fr\/wp-content\/uploads\/2021\/02\/Journee30ansClub-768x512.jpg 768w, https:\/\/motoclubplechatel.fr\/wp-content\/uploads\/2021\/02\/Journee30ansClub-1536x1024.jpg 1536w\" sizes=\"auto, (max-width: 1800px) 100vw, 1800px\" \/><\/a><\/figure>\n\n\n\n<p class=\"has-text-align-center\">Cliquez sur la photo pour voir toutes les photos :<br><\/p>\n\n\n\n<p><strong>novembre 2018 : Salon M<\/strong><strong>oto L\u00e9gende<\/strong><\/p>\n\n\n\n<p>Cliquez sur la photo pour acc\u00e9der \u00e0 l&rsquo;album<\/p>\n\n\n\n<figure class=\"wp-block-image aligncenter\"><a href=\"https:\/\/photos.google.com\/share\/AF1QipMBBAQ96yAic5am5bXg3wN7Y2jOmFfAZHM9prvfrZEZ-784JmasaKVfOeeCXIr7YQ?key=RzlRSXB0VTZfekNTcnAzWTV5akxCX05iRW9OMmlB\" target=\"_blank\" rel=\"noopener\"><img loading=\"lazy\" decoding=\"async\" width=\"300\" height=\"200\" src=\"http:\/\/motoclubplechatel.fr\/wp-content\/uploads\/2018\/12\/triumph-300x200.jpg\" alt=\"\" class=\"wp-image-836\" title=\"triumph\" srcset=\"https:\/\/motoclubplechatel.fr\/wp-content\/uploads\/2018\/12\/triumph-300x200.jpg 300w, https:\/\/motoclubplechatel.fr\/wp-content\/uploads\/2018\/12\/triumph.jpg 640w\" sizes=\"auto, (max-width: 300px) 100vw, 300px\" \/><\/a><\/figure>\n\n\n\n<p><strong>18-20 novembre 2016<\/strong><\/p>\n\n\n\n<p>Cette ann\u00e9e Michel, Herv\u00e9 et Job se sont rendu au salon Moto l\u00e9gende qui se tient au parc floral de Paris\/ch\u00e2teau de Vincennes. Voici quelques photos de leur visite :<br>(<a href=\"https:\/\/goo.gl\/photos\/rZ58V8ZoN12WgurZA\" target=\"_blank\" rel=\"noreferrer noopener\">cliquez ici pour acc\u00e9der \u00e0 l&rsquo;album<\/a>)<\/p>\n\n\n\n<p><strong>10 juin 2014 :<\/strong><\/p>\n\n\n\n<p>Ce mardi 10 juin 2014, nous nous sommes retrouv\u00e9s avec les enfants de CM1 et CM2 de l&rsquo;\u00e9cole Henri DES pour la journ\u00e9e d&rsquo;initiation \u00e0 la pratique de la moto.<br>Comme d&rsquo;habitude nous \u00e9tions bas\u00e9s sur le terrain pr\u00e8s de la salle de sport par un temps frais mais sec.<br>Ce sont d&rsquo;abord les 17 CM1 qui sont venus le matin et ont ouvert les hostilit\u00e9s.<br>Apr\u00e8s avoir expliqu\u00e9 les consignes de s\u00e9curit\u00e9, les enfants sont pass\u00e9s un par un avec le moniteur pour apprendre le maniement des petites motocyclettes.<br>Apr\u00e8s quelques tours, chacun des enfants a r\u00e9ussi \u00e0 conduire, malgr\u00e9 une certaine appr\u00e9hension pour certains, et \u00e9tait autonome pour rouler sur le parcours.<br>Un petit go\u00fbter r\u00e9parateur a \u00e9t\u00e9 servi \u00e0 10h.<br>Ensuite tous les \u00e9l\u00e8ves sont remont\u00e9s sur les motos par groupe de 4 o\u00f9 ils ont pu comparer leurs capacit\u00e9s de pilotage, tout en respectant les r\u00e8gles de conduites \u00e9tablies au d\u00e9marrage.<br>Pour la premi\u00e8re fois le moto-club a fourni une moto \u00e0 \u00e9nergie \u00e9lectrique pr\u00eat\u00e9e par l\u2019\u00e9cole de trial de l\u2019ACL Br\u00e9al, et tour \u00e0 tour les apprentis conducteurs ont pu s&rsquo;y essayer. Le pilotage est tr\u00e8s diff\u00e9rent et les enfants ont \u00e9t\u00e9 surpris de la vivacit\u00e9 mais aussi de la facilit\u00e9 \u00e0 rouler avec cet engin.<br>Une photo de groupe a \u00e9t\u00e9 prise et un exemplaire sera remis \u00e0 chaque enfant en souvenir.<br>Apr\u00e8s un repas \u00e0 la cantine, ce sont les CM2 qui sont venus d\u00e9montrer leurs talents pendant l&rsquo;apr\u00e8s-midi.Programme identique pour ces 21 jeunes qui se sont \u00e9galement tr\u00e8s bien d\u00e9brouill\u00e9s.<\/p>\n\n\n\n<p>Je tiens \u00e0 remercier:<br>\u2022&nbsp;&nbsp;&nbsp;&nbsp;&nbsp;&nbsp;&nbsp;&nbsp; les \u00e9l\u00e8ves pour leur comportement sympathique et enjou\u00e9.<br>les enseignantes pour leur participation \u00e0 cette journ\u00e9e<br>\u2022&nbsp;&nbsp;&nbsp;&nbsp;&nbsp;&nbsp;&nbsp;&nbsp; la mairie et les employ\u00e9s municipaux pour la subvention et la pr\u00e9paration du terrain<br>\u2022&nbsp;&nbsp;&nbsp;&nbsp;&nbsp;&nbsp;&nbsp;&nbsp; M. S\u00e9bastien MARION, dipl\u00f4m\u00e9 d&rsquo;\u00e9tat et Wilfried les moniteurs<br>\u2022&nbsp;&nbsp;&nbsp;&nbsp;&nbsp;&nbsp;&nbsp;&nbsp; Claudine, Isabelle, G\u00e9rard, Michel et Ren\u00e9 pour l&rsquo;accompagnement, les go\u00fbters et les photos<\/p>\n\n\n\n<p>L&rsquo;ann\u00e9e prochaine ce sera le tour des \u00e9l\u00e8ves CM1 &amp; CM2 des \u00e9coles Saint Michel et du Ch\u00e2tellier<\/p>\n\n\n\n<div class=\"wp-block-columns are-vertically-aligned-center is-layout-flex wp-container-core-columns-is-layout-28f84493 wp-block-columns-is-layout-flex\">\n<div class=\"wp-block-column is-vertically-aligned-center is-layout-flow wp-block-column-is-layout-flow\">\n<figure class=\"wp-block-image aligncenter size-full\"><img loading=\"lazy\" decoding=\"async\" width=\"605\" height=\"401\" src=\"http:\/\/motoclubplechatel.fr\/wp-content\/uploads\/2014\/06\/2014_miniMoto01.jpg\" alt=\"\" class=\"wp-image-450\" srcset=\"https:\/\/motoclubplechatel.fr\/wp-content\/uploads\/2014\/06\/2014_miniMoto01.jpg 605w, https:\/\/motoclubplechatel.fr\/wp-content\/uploads\/2014\/06\/2014_miniMoto01-300x199.jpg 300w\" sizes=\"auto, (max-width: 605px) 100vw, 605px\" \/><\/figure>\n<\/div>\n\n\n\n<div class=\"wp-block-column is-vertically-aligned-center is-layout-flow wp-block-column-is-layout-flow\">\n<figure class=\"wp-block-image aligncenter size-full\"><img loading=\"lazy\" decoding=\"async\" width=\"640\" height=\"424\" src=\"http:\/\/motoclubplechatel.fr\/wp-content\/uploads\/2014\/06\/2014_miniMoto04.jpg\" alt=\"\" class=\"wp-image-456\" srcset=\"https:\/\/motoclubplechatel.fr\/wp-content\/uploads\/2014\/06\/2014_miniMoto04.jpg 640w, https:\/\/motoclubplechatel.fr\/wp-content\/uploads\/2014\/06\/2014_miniMoto04-300x199.jpg 300w\" sizes=\"auto, (max-width: 640px) 100vw, 640px\" \/><\/figure>\n<\/div>\n\n\n\n<div class=\"wp-block-column is-vertically-aligned-center is-layout-flow wp-block-column-is-layout-flow\">\n<figure class=\"wp-block-image aligncenter size-full\"><img loading=\"lazy\" decoding=\"async\" width=\"605\" height=\"401\" src=\"http:\/\/motoclubplechatel.fr\/wp-content\/uploads\/2014\/06\/2014_miniMoto02.jpg\" alt=\"\" class=\"wp-image-449\" srcset=\"https:\/\/motoclubplechatel.fr\/wp-content\/uploads\/2014\/06\/2014_miniMoto02.jpg 605w, https:\/\/motoclubplechatel.fr\/wp-content\/uploads\/2014\/06\/2014_miniMoto02-300x199.jpg 300w\" sizes=\"auto, (max-width: 605px) 100vw, 605px\" \/><\/figure>\n<\/div>\n\n\n\n<div class=\"wp-block-column is-vertically-aligned-center is-layout-flow wp-block-column-is-layout-flow\">\n<figure class=\"wp-block-image size-full\"><img loading=\"lazy\" decoding=\"async\" width=\"424\" height=\"640\" src=\"http:\/\/motoclubplechatel.fr\/wp-content\/uploads\/2014\/06\/2014_miniMoto03.jpg\" alt=\"\" class=\"wp-image-457\" srcset=\"https:\/\/motoclubplechatel.fr\/wp-content\/uploads\/2014\/06\/2014_miniMoto03.jpg 424w, https:\/\/motoclubplechatel.fr\/wp-content\/uploads\/2014\/06\/2014_miniMoto03-199x300.jpg 199w\" sizes=\"auto, (max-width: 424px) 100vw, 424px\" \/><\/figure>\n<\/div>\n<\/div>\n","protected":false},"excerpt":{"rendered":"<p>29 mai&nbsp;&nbsp;2023&nbsp; : journ\u00e9e \u00ab\u00a0pilotage en s\u00e9curit\u00e9 par la gendarmerie du 35 Le motoclub de PLECHATEL a organis\u00e9 en collaboration [&hellip;]<\/p>\n","protected":false},"author":3,"featured_media":0,"parent":19,"menu_order":4,"comment_status":"closed","ping_status":"closed","template":"","meta":{"site-sidebar-layout":"default","site-content-layout":"","ast-site-content-layout":"default","site-content-style":"default","site-sidebar-style":"default","ast-global-header-display":"","ast-banner-title-visibility":"","ast-main-header-display":"","ast-hfb-above-header-display":"","ast-hfb-below-header-display":"","ast-hfb-mobile-header-display":"","site-post-title":"","ast-breadcrumbs-content":"","ast-featured-img":"","footer-sml-layout":"","ast-disable-related-posts":"","theme-transparent-header-meta":"","adv-header-id-meta":"","stick-header-meta":"","header-above-stick-meta":"","header-main-stick-meta":"","header-below-stick-meta":"","astra-migrate-meta-layouts":"default","ast-page-background-enabled":"default","ast-page-background-meta":{"desktop":{"background-color":"var(--ast-global-color-4)","background-image":"","background-repeat":"repeat","background-position":"center center","background-size":"auto","background-attachment":"scroll","background-type":"","background-media":"","overlay-type":"","overlay-color":"","overlay-opacity":"","overlay-gradient":""},"tablet":{"background-color":"","background-image":"","background-repeat":"repeat","background-position":"center center","background-size":"auto","background-attachment":"scroll","background-type":"","background-media":"","overlay-type":"","overlay-color":"","overlay-opacity":"","overlay-gradient":""},"mobile":{"background-color":"","background-image":"","background-repeat":"repeat","background-position":"center center","background-size":"auto","background-attachment":"scroll","background-type":"","background-media":"","overlay-type":"","overlay-color":"","overlay-opacity":"","overlay-gradient":""}},"ast-content-background-meta":{"desktop":{"background-color":"var(--ast-global-color-5)","background-image":"","background-repeat":"repeat","background-position":"center center","background-size":"auto","background-attachment":"scroll","background-type":"","background-media":"","overlay-type":"","overlay-color":"","overlay-opacity":"","overlay-gradient":""},"tablet":{"background-color":"var(--ast-global-color-5)","background-image":"","background-repeat":"repeat","background-position":"center center","background-size":"auto","background-attachment":"scroll","background-type":"","background-media":"","overlay-type":"","overlay-color":"","overlay-opacity":"","overlay-gradient":""},"mobile":{"background-color":"var(--ast-global-color-5)","background-image":"","background-repeat":"repeat","background-position":"center center","background-size":"auto","background-attachment":"scroll","background-type":"","background-media":"","overlay-type":"","overlay-color":"","overlay-opacity":"","overlay-gradient":""}},"footnotes":""},"class_list":["post-256","page","type-page","status-publish","hentry"],"_links":{"self":[{"href":"https:\/\/motoclubplechatel.fr\/index.php\/wp-json\/wp\/v2\/pages\/256","targetHints":{"allow":["GET"]}}],"collection":[{"href":"https:\/\/motoclubplechatel.fr\/index.php\/wp-json\/wp\/v2\/pages"}],"about":[{"href":"https:\/\/motoclubplechatel.fr\/index.php\/wp-json\/wp\/v2\/types\/page"}],"author":[{"embeddable":true,"href":"https:\/\/motoclubplechatel.fr\/index.php\/wp-json\/wp\/v2\/users\/3"}],"replies":[{"embeddable":true,"href":"https:\/\/motoclubplechatel.fr\/index.php\/wp-json\/wp\/v2\/comments?post=256"}],"version-history":[{"count":4,"href":"https:\/\/motoclubplechatel.fr\/index.php\/wp-json\/wp\/v2\/pages\/256\/revisions"}],"predecessor-version":[{"id":1458,"href":"https:\/\/motoclubplechatel.fr\/index.php\/wp-json\/wp\/v2\/pages\/256\/revisions\/1458"}],"up":[{"embeddable":true,"href":"https:\/\/motoclubplechatel.fr\/index.php\/wp-json\/wp\/v2\/pages\/19"}],"wp:attachment":[{"href":"https:\/\/motoclubplechatel.fr\/index.php\/wp-json\/wp\/v2\/media?parent=256"}],"curies":[{"name":"wp","href":"https:\/\/api.w.org\/{rel}","templated":true}]}}